{"id":1262,"date":"2021-09-22T13:54:59","date_gmt":"2021-09-22T13:54:59","guid":{"rendered":"https:\/\/advel.is\/?page_id=1262"},"modified":"2025-03-11T09:54:31","modified_gmt":"2025-03-11T09:54:31","slug":"dora-sif-tynes","status":"publish","type":"page","link":"https:\/\/advel.is\/en\/home\/starfsfolk\/dora-sif-tynes\/","title":{"rendered":"D\u00f3ra Sif Tynes"},"content":{"rendered":"<div data-elementor-type=\"wp-page\" data-elementor-id=\"1262\" class=\"elementor elementor-1262\" data-elementor-settings=\"[]\">\n\t\t\t\t\t\t\t<div class=\"elementor-section-wrap\">\n\t\t\t\t\t\t\t<section class=\"elementor-section elementor-top-section elementor-element elementor-element-12a0d308 elementor-section-boxed elementor-section-height-default elementor-section-height-default\" data-id=\"12a0d308\" data-element_type=\"section\">\n\t\t\t\t\t\t<div class=\"elementor-container elementor-column-gap-default\">\n\t\t\t\t\t<div class=\"elementor-column elementor-col-100 elementor-top-column elementor-element elementor-element-4608f41f\" data-id=\"4608f41f\" data-element_type=\"column\">\n\t\t\t<div class=\"elementor-widget-wrap\">\n\t\t\t\t\t\t\t\t\t<\/div>\n\t\t<\/div>\n\t\t\t\t\t\t\t<\/div>\n\t\t<\/section>\n\t\t\t\t<section class=\"elementor-section elementor-top-section elementor-element elementor-element-37af604b elementor-section-boxed elementor-section-height-default elementor-section-height-default\" data-id=\"37af604b\" data-element_type=\"section\" data-settings=\"{&quot;background_background&quot;:&quot;classic&quot;}\">\n\t\t\t\t\t\t<div class=\"elementor-container elementor-column-gap-default\">\n\t\t\t\t\t<div class=\"elementor-column elementor-col-50 elementor-top-column elementor-element elementor-element-485b0c9e\" data-id=\"485b0c9e\" data-element_type=\"column\" data-settings=\"{&quot;background_background&quot;:&quot;classic&quot;}\">\n\t\t\t<div class=\"elementor-widget-wrap elementor-element-populated\">\n\t\t\t\t\t\t\t\t<div class=\"elementor-element elementor-element-5d5e3fd3 elementor-widget elementor-widget-image\" data-id=\"5d5e3fd3\" data-element_type=\"widget\" data-widget_type=\"image.default\">\n\t\t\t\t<div class=\"elementor-widget-container\">\n\t\t\t\t\t\t\t\t\t\t\t\t\t\t\t<img loading=\"lazy\" decoding=\"async\" width=\"300\" height=\"400\" src=\"https:\/\/advel.is\/wp-content\/uploads\/2022\/11\/dora-sif-ny.jpg\" class=\"attachment-full size-full\" alt=\"D\u00f3ra Sif Tynes\" srcset=\"https:\/\/advel.is\/wp-content\/uploads\/2022\/11\/dora-sif-ny.jpg 300w, https:\/\/advel.is\/wp-content\/uploads\/2022\/11\/dora-sif-ny-225x300.jpg 225w, https:\/\/advel.is\/wp-content\/uploads\/2022\/11\/dora-sif-ny-9x12.jpg 9w\" sizes=\"auto, (max-width: 300px) 100vw, 300px\" style=\"width:100%;height:133.33%;max-width:300px;\" \/>\t\t\t\t\t\t\t\t\t\t\t\t\t\t\t<\/div>\n\t\t\t\t<\/div>\n\t\t\t\t\t<\/div>\n\t\t<\/div>\n\t\t\t\t<div class=\"elementor-column elementor-col-50 elementor-top-column elementor-element elementor-element-6db3250f\" data-id=\"6db3250f\" data-element_type=\"column\" data-settings=\"{&quot;background_background&quot;:&quot;classic&quot;}\">\n\t\t\t<div class=\"elementor-widget-wrap elementor-element-populated\">\n\t\t\t\t\t<div class=\"elementor-background-overlay\"><\/div>\n\t\t\t\t\t\t\t\t<div class=\"elementor-element elementor-element-74cde24b elementor-widget elementor-widget-heading\" data-id=\"74cde24b\" data-element_type=\"widget\" data-widget_type=\"heading.default\">\n\t\t\t\t<div class=\"elementor-widget-container\">\n\t\t\t<h4 class=\"elementor-heading-title elementor-size-default\">Attorney \/ LL.M. \/ Partner<\/h4>\t\t<\/div>\n\t\t\t\t<\/div>\n\t\t\t\t<div class=\"elementor-element elementor-element-2287aba3 elementor-widget elementor-widget-heading\" data-id=\"2287aba3\" data-element_type=\"widget\" data-widget_type=\"heading.default\">\n\t\t\t\t<div class=\"elementor-widget-container\">\n\t\t\t<h2 class=\"elementor-heading-title elementor-size-default\">D\u00f3ra Sif Tynes<\/h2>\t\t<\/div>\n\t\t\t\t<\/div>\n\t\t\t\t<div class=\"elementor-element elementor-element-39748ba6 elementor-icon-list--layout-traditional elementor-list-item-link-full_width elementor-widget elementor-widget-icon-list\" data-id=\"39748ba6\" data-element_type=\"widget\" data-widget_type=\"icon-list.default\">\n\t\t\t\t<div class=\"elementor-widget-container\">\n\t\t\t\t\t<ul class=\"elementor-icon-list-items\">\n\t\t\t\t\t\t\t<li class=\"elementor-icon-list-item\">\n\t\t\t\t\t\t\t\t\t\t\t<span class=\"elementor-icon-list-icon\">\n\t\t\t\t\t\t\t<i aria-hidden=\"true\" class=\"fas fa-phone-square\"><\/i>\t\t\t\t\t\t<\/span>\n\t\t\t\t\t\t\t\t\t\t<span class=\"elementor-icon-list-text\">520 2050<\/span>\n\t\t\t\t\t\t\t\t\t<\/li>\n\t\t\t\t\t\t\t\t<li class=\"elementor-icon-list-item\">\n\t\t\t\t\t<a href=\"mailto:dora@advel.is\">\t\t\t\t\t\t<span class=\"elementor-icon-list-icon\">\n\t\t\t\t\t\t\t<i aria-hidden=\"true\" class=\"fas fa-at\"><\/i>\t\t\t\t\t\t<\/span>\n\t\t\t\t\t\t\t\t\t\t<span class=\"elementor-icon-list-text\">dora@advel.is<\/span>\n\t\t\t\t\t\t\t\t\t\t\t<\/a>\n\t\t\t\t\t\t\t\t\t<\/li>\n\t\t\t\t\t\t\t\t<li class=\"elementor-icon-list-item\">\n\t\t\t\t\t<a href=\"https:\/\/www.linkedin.com\/in\/d%C3%B3ra-sif-tynes-7048ba48\/\">\t\t\t\t\t\t<span class=\"elementor-icon-list-icon\">\n\t\t\t\t\t\t\t<i aria-hidden=\"true\" class=\"fab fa-linkedin\"><\/i>\t\t\t\t\t\t<\/span>\n\t\t\t\t\t\t\t\t\t\t<span class=\"elementor-icon-list-text\">LinkedIn<\/span>\n\t\t\t\t\t\t\t\t\t\t\t<\/a>\n\t\t\t\t\t\t\t\t\t<\/li>\n\t\t\t\t\t\t<\/ul>\n\t\t\t\t<\/div>\n\t\t\t\t<\/div>\n\t\t\t\t<div class=\"elementor-element elementor-element-73842474 elementor-widget elementor-widget-text-editor\" data-id=\"73842474\" data-element_type=\"widget\" data-widget_type=\"text-editor.default\">\n\t\t\t\t<div class=\"elementor-widget-container\">\n\t\t\t\t\t\t\t\t<h3>Career<\/h3>\t\t\t\t\t\t<\/div>\n\t\t\t\t<\/div>\n\t\t\t\t<div class=\"elementor-element elementor-element-7999ced7 elementor-widget elementor-widget-text-editor\" data-id=\"7999ced7\" data-element_type=\"widget\" data-widget_type=\"text-editor.default\">\n\t\t\t\t<div class=\"elementor-widget-container\">\n\t\t\t\t\t\t\t\t<p>2011 - ADVEL Attorneys at Law\u00a0<\/p><p>2013 - 2016 Head of Legal Services at European Free Trade Association<\/p><p>2009 &#8211; 2011<b>\u00a0<\/b>DST r\u00e1\u00f0gj\u00f6f - Partner<\/p><p>2004 - 2009 General Counsel at Teymi \/ Vodafone Iceland<\/p><p>2001 - 2004 Legal Officer at EFTA Surveillance Authority<\/p><p>2000 Auxiliaire at DG Competition<\/p><p>1997 - 1999 Associate at Law Offices Gar\u00f0astr\u00e6ti 17<\/p>\t\t\t\t\t\t<\/div>\n\t\t\t\t<\/div>\n\t\t\t\t<div class=\"elementor-element elementor-element-3fca8622 elementor-widget elementor-widget-text-editor\" data-id=\"3fca8622\" data-element_type=\"widget\" data-widget_type=\"text-editor.default\">\n\t\t\t\t<div class=\"elementor-widget-container\">\n\t\t\t\t\t\t\t\t<h3>Education<\/h3><div>2000<b>\u00a0<\/b> LL.M. in European and Comparative Law from European University Institute, Italy<br \/>1997\u00a0 Cand.jur. fr\u00e1 H\u00e1sk\u00f3la \u00cdslands<\/div>\t\t\t\t\t\t<\/div>\n\t\t\t\t<\/div>\n\t\t\t\t<div class=\"elementor-element elementor-element-89c5f3b elementor-widget elementor-widget-text-editor\" data-id=\"89c5f3b\" data-element_type=\"widget\" data-widget_type=\"text-editor.default\">\n\t\t\t\t<div class=\"elementor-widget-container\">\n\t\t\t\t\t\t\t\t<h3>Admitted to practice before<\/h3>\n<div>The Appeal Court<\/div><div>The District Courts<\/div>\t\t\t\t\t\t<\/div>\n\t\t\t\t<\/div>\n\t\t\t\t<div class=\"elementor-element elementor-element-631fa2df elementor-widget elementor-widget-text-editor\" data-id=\"631fa2df\" data-element_type=\"widget\" data-widget_type=\"text-editor.default\">\n\t\t\t\t<div class=\"elementor-widget-container\">\n\t\t\t\t\t\t\t\t<h3>Practice areas<\/h3><div>International Trade, EEA and European Law, Corporate Law, Communications Law, Competition Law and State Aid<\/div>\t\t\t\t\t\t<\/div>\n\t\t\t\t<\/div>\n\t\t\t\t<div class=\"elementor-element elementor-element-7b132990 elementor-widget elementor-widget-text-editor\" data-id=\"7b132990\" data-element_type=\"widget\" data-widget_type=\"text-editor.default\">\n\t\t\t\t<div class=\"elementor-widget-container\">\n\t\t\t\t\t\t\t\t<h3>Languages<\/h3><div>Norwegian, Swedish, Danish, English, Italian, French, German<\/div>\t\t\t\t\t\t<\/div>\n\t\t\t\t<\/div>\n\t\t\t\t\t<\/div>\n\t\t<\/div>\n\t\t\t\t\t\t\t<\/div>\n\t\t<\/section>\n\t\t\t\t\t\t<\/div>\n\t\t\t\t\t<\/div>","protected":false},"excerpt":{"rendered":"<p>L\u00f6gma\u00f0ur \/ LL.M. \/ eigandi D\u00f3ra Sif Tynes 520 2050 dora@advel.is LinkedIn Starfsferill 2011 &#8211;\u00a0 ADVEL l\u00f6gmenn\u00a0 2013 &#8211; 2016\u00a0Forst\u00f6\u00f0uma\u00f0ur lagaskrifstofu EFTA 2009 &#8211; 2011\u00a0DST r\u00e1\u00f0gj\u00f6f &#8211; Eigandi 2004 &#8211; 2009 Framkv\u00e6mdastj\u00f3ri l\u00f6gfr\u00e6\u00f0isvi\u00f0s Teymis 2001 &#8211; 2004 L\u00f6gfr\u00e6\u00f0ingur \u00e1 laga- og stj\u00f3rns\u00fdsluskrifstofu Eftirlitsstofnunar EFTA 2000 &#8211; S\u00e9rverkefni fyrir Samkeppnisdeild framkv\u00e6mdastj\u00f3rnar ESB (DG Competition) 1997 &#8211;&hellip; <a class=\"more-link\" href=\"https:\/\/advel.is\/en\/home\/starfsfolk\/dora-sif-tynes\/\">Continue reading <span class=\"screen-reader-text\">D\u00f3ra Sif Tynes<\/span><\/a><\/p>","protected":false},"author":1,"featured_media":0,"parent":137,"menu_order":0,"comment_status":"closed","ping_status":"closed","template":"","meta":{"_acf_changed":false,"footnotes":""},"class_list":["post-1262","page","type-page","status-publish","hentry","entry"],"acf":[],"yoast_head":"<!-- This site is optimized with the Yoast SEO plugin v27.3 - https:\/\/yoast.com\/product\/yoast-seo-wordpress\/ -->\n<title>D\u00f3ra Sif Tynes - ADVEL<\/title>\n<meta name=\"robots\" content=\"index, follow, max-snippet:-1, max-image-preview:large, max-video-preview:-1\" \/>\n<link rel=\"canonical\" href=\"https:\/\/advel.is\/en\/home\/starfsfolk\/dora-sif-tynes\/\" \/>\n<meta property=\"og:locale\" content=\"en_US\" \/>\n<meta property=\"og:type\" content=\"article\" \/>\n<meta property=\"og:title\" content=\"D\u00f3ra Sif Tynes - ADVEL\" \/>\n<meta property=\"og:description\" content=\"L\u00f6gma\u00f0ur \/ LL.M. \/ eigandi D\u00f3ra Sif Tynes 520 2050 dora@advel.is LinkedIn Starfsferill 2011 &#8211;\u00a0 ADVEL l\u00f6gmenn\u00a0 2013 &#8211; 2016\u00a0Forst\u00f6\u00f0uma\u00f0ur lagaskrifstofu EFTA 2009 &#8211; 2011\u00a0DST r\u00e1\u00f0gj\u00f6f &#8211; Eigandi 2004 &#8211; 2009 Framkv\u00e6mdastj\u00f3ri l\u00f6gfr\u00e6\u00f0isvi\u00f0s Teymis 2001 &#8211; 2004 L\u00f6gfr\u00e6\u00f0ingur \u00e1 laga- og stj\u00f3rns\u00fdsluskrifstofu Eftirlitsstofnunar EFTA 2000 &#8211; S\u00e9rverkefni fyrir Samkeppnisdeild framkv\u00e6mdastj\u00f3rnar ESB (DG Competition) 1997 &#8211;&hellip; Continue reading D\u00f3ra Sif Tynes\" \/>\n<meta property=\"og:url\" content=\"https:\/\/advel.is\/en\/home\/starfsfolk\/dora-sif-tynes\/\" \/>\n<meta property=\"og:site_name\" content=\"ADVEL\" \/>\n<meta property=\"article:modified_time\" content=\"2025-03-11T09:54:31+00:00\" \/>\n<meta property=\"og:image\" content=\"https:\/\/advel.is\/wp-content\/uploads\/2022\/11\/dora-sif-ny.jpg\" \/>\n<meta name=\"twitter:card\" content=\"summary_large_image\" \/>\n<meta name=\"twitter:label1\" content=\"Est. reading time\" \/>\n\t<meta name=\"twitter:data1\" content=\"1 minute\" \/>\n<script type=\"application\/ld+json\" class=\"yoast-schema-graph\">{\"@context\":\"https:\\\/\\\/schema.org\",\"@graph\":[{\"@type\":\"WebPage\",\"@id\":\"https:\\\/\\\/advel.is\\\/home\\\/starfsfolk\\\/dora-sif-tynes\\\/\",\"url\":\"https:\\\/\\\/advel.is\\\/home\\\/starfsfolk\\\/dora-sif-tynes\\\/\",\"name\":\"D\u00f3ra Sif Tynes - ADVEL\",\"isPartOf\":{\"@id\":\"https:\\\/\\\/advel.is\\\/#website\"},\"primaryImageOfPage\":{\"@id\":\"https:\\\/\\\/advel.is\\\/home\\\/starfsfolk\\\/dora-sif-tynes\\\/#primaryimage\"},\"image\":{\"@id\":\"https:\\\/\\\/advel.is\\\/home\\\/starfsfolk\\\/dora-sif-tynes\\\/#primaryimage\"},\"thumbnailUrl\":\"https:\\\/\\\/advel.is\\\/wp-content\\\/uploads\\\/2022\\\/11\\\/dora-sif-ny.jpg\",\"datePublished\":\"2021-09-22T13:54:59+00:00\",\"dateModified\":\"2025-03-11T09:54:31+00:00\",\"breadcrumb\":{\"@id\":\"https:\\\/\\\/advel.is\\\/home\\\/starfsfolk\\\/dora-sif-tynes\\\/#breadcrumb\"},\"inLanguage\":\"en-US\",\"potentialAction\":[{\"@type\":\"ReadAction\",\"target\":[\"https:\\\/\\\/advel.is\\\/home\\\/starfsfolk\\\/dora-sif-tynes\\\/\"]}]},{\"@type\":\"ImageObject\",\"inLanguage\":\"en-US\",\"@id\":\"https:\\\/\\\/advel.is\\\/home\\\/starfsfolk\\\/dora-sif-tynes\\\/#primaryimage\",\"url\":\"https:\\\/\\\/advel.is\\\/wp-content\\\/uploads\\\/2022\\\/11\\\/dora-sif-ny.jpg\",\"contentUrl\":\"https:\\\/\\\/advel.is\\\/wp-content\\\/uploads\\\/2022\\\/11\\\/dora-sif-ny.jpg\"},{\"@type\":\"BreadcrumbList\",\"@id\":\"https:\\\/\\\/advel.is\\\/home\\\/starfsfolk\\\/dora-sif-tynes\\\/#breadcrumb\",\"itemListElement\":[{\"@type\":\"ListItem\",\"position\":1,\"name\":\"Heim\",\"item\":\"https:\\\/\\\/advel.is\\\/\"},{\"@type\":\"ListItem\",\"position\":2,\"name\":\"Starfsf\u00f3lk\",\"item\":\"https:\\\/\\\/advel.is\\\/home\\\/starfsfolk\\\/\"},{\"@type\":\"ListItem\",\"position\":3,\"name\":\"D\u00f3ra Sif Tynes\"}]},{\"@type\":\"WebSite\",\"@id\":\"https:\\\/\\\/advel.is\\\/#website\",\"url\":\"https:\\\/\\\/advel.is\\\/\",\"name\":\"ADVEL\",\"description\":\"\",\"publisher\":{\"@id\":\"https:\\\/\\\/advel.is\\\/#organization\"},\"potentialAction\":[{\"@type\":\"SearchAction\",\"target\":{\"@type\":\"EntryPoint\",\"urlTemplate\":\"https:\\\/\\\/advel.is\\\/?s={search_term_string}\"},\"query-input\":{\"@type\":\"PropertyValueSpecification\",\"valueRequired\":true,\"valueName\":\"search_term_string\"}}],\"inLanguage\":\"en-US\"},{\"@type\":\"Organization\",\"@id\":\"https:\\\/\\\/advel.is\\\/#organization\",\"name\":\"ADVEL\",\"url\":\"https:\\\/\\\/advel.is\\\/\",\"logo\":{\"@type\":\"ImageObject\",\"inLanguage\":\"en-US\",\"@id\":\"https:\\\/\\\/advel.is\\\/#\\\/schema\\\/logo\\\/image\\\/\",\"url\":\"https:\\\/\\\/advel.is\\\/wp-content\\\/uploads\\\/2021\\\/06\\\/advel-litid.png\",\"contentUrl\":\"https:\\\/\\\/advel.is\\\/wp-content\\\/uploads\\\/2021\\\/06\\\/advel-litid.png\",\"width\":70,\"height\":64,\"caption\":\"ADVEL\"},\"image\":{\"@id\":\"https:\\\/\\\/advel.is\\\/#\\\/schema\\\/logo\\\/image\\\/\"}}]}<\/script>\n<!-- \/ Yoast SEO plugin. -->","yoast_head_json":{"title":"D\u00f3ra Sif Tynes - ADVEL","robots":{"index":"index","follow":"follow","max-snippet":"max-snippet:-1","max-image-preview":"max-image-preview:large","max-video-preview":"max-video-preview:-1"},"canonical":"https:\/\/advel.is\/en\/home\/starfsfolk\/dora-sif-tynes\/","og_locale":"en_US","og_type":"article","og_title":"D\u00f3ra Sif Tynes - ADVEL","og_description":"L\u00f6gma\u00f0ur \/ LL.M. \/ eigandi D\u00f3ra Sif Tynes 520 2050 dora@advel.is LinkedIn Starfsferill 2011 &#8211;\u00a0 ADVEL l\u00f6gmenn\u00a0 2013 &#8211; 2016\u00a0Forst\u00f6\u00f0uma\u00f0ur lagaskrifstofu EFTA 2009 &#8211; 2011\u00a0DST r\u00e1\u00f0gj\u00f6f &#8211; Eigandi 2004 &#8211; 2009 Framkv\u00e6mdastj\u00f3ri l\u00f6gfr\u00e6\u00f0isvi\u00f0s Teymis 2001 &#8211; 2004 L\u00f6gfr\u00e6\u00f0ingur \u00e1 laga- og stj\u00f3rns\u00fdsluskrifstofu Eftirlitsstofnunar EFTA 2000 &#8211; S\u00e9rverkefni fyrir Samkeppnisdeild framkv\u00e6mdastj\u00f3rnar ESB (DG Competition) 1997 &#8211;&hellip; Continue reading D\u00f3ra Sif Tynes","og_url":"https:\/\/advel.is\/en\/home\/starfsfolk\/dora-sif-tynes\/","og_site_name":"ADVEL","article_modified_time":"2025-03-11T09:54:31+00:00","og_image":[{"url":"https:\/\/advel.is\/wp-content\/uploads\/2022\/11\/dora-sif-ny.jpg","type":"","width":"","height":""}],"twitter_card":"summary_large_image","twitter_misc":{"Est. reading time":"1 minute"},"schema":{"@context":"https:\/\/schema.org","@graph":[{"@type":"WebPage","@id":"https:\/\/advel.is\/home\/starfsfolk\/dora-sif-tynes\/","url":"https:\/\/advel.is\/home\/starfsfolk\/dora-sif-tynes\/","name":"D\u00f3ra Sif Tynes - ADVEL","isPartOf":{"@id":"https:\/\/advel.is\/#website"},"primaryImageOfPage":{"@id":"https:\/\/advel.is\/home\/starfsfolk\/dora-sif-tynes\/#primaryimage"},"image":{"@id":"https:\/\/advel.is\/home\/starfsfolk\/dora-sif-tynes\/#primaryimage"},"thumbnailUrl":"https:\/\/advel.is\/wp-content\/uploads\/2022\/11\/dora-sif-ny.jpg","datePublished":"2021-09-22T13:54:59+00:00","dateModified":"2025-03-11T09:54:31+00:00","breadcrumb":{"@id":"https:\/\/advel.is\/home\/starfsfolk\/dora-sif-tynes\/#breadcrumb"},"inLanguage":"en-US","potentialAction":[{"@type":"ReadAction","target":["https:\/\/advel.is\/home\/starfsfolk\/dora-sif-tynes\/"]}]},{"@type":"ImageObject","inLanguage":"en-US","@id":"https:\/\/advel.is\/home\/starfsfolk\/dora-sif-tynes\/#primaryimage","url":"https:\/\/advel.is\/wp-content\/uploads\/2022\/11\/dora-sif-ny.jpg","contentUrl":"https:\/\/advel.is\/wp-content\/uploads\/2022\/11\/dora-sif-ny.jpg"},{"@type":"BreadcrumbList","@id":"https:\/\/advel.is\/home\/starfsfolk\/dora-sif-tynes\/#breadcrumb","itemListElement":[{"@type":"ListItem","position":1,"name":"Heim","item":"https:\/\/advel.is\/"},{"@type":"ListItem","position":2,"name":"Starfsf\u00f3lk","item":"https:\/\/advel.is\/home\/starfsfolk\/"},{"@type":"ListItem","position":3,"name":"D\u00f3ra Sif Tynes"}]},{"@type":"WebSite","@id":"https:\/\/advel.is\/#website","url":"https:\/\/advel.is\/","name":"ADVEL","description":"","publisher":{"@id":"https:\/\/advel.is\/#organization"},"potentialAction":[{"@type":"SearchAction","target":{"@type":"EntryPoint","urlTemplate":"https:\/\/advel.is\/?s={search_term_string}"},"query-input":{"@type":"PropertyValueSpecification","valueRequired":true,"valueName":"search_term_string"}}],"inLanguage":"en-US"},{"@type":"Organization","@id":"https:\/\/advel.is\/#organization","name":"ADVEL","url":"https:\/\/advel.is\/","logo":{"@type":"ImageObject","inLanguage":"en-US","@id":"https:\/\/advel.is\/#\/schema\/logo\/image\/","url":"https:\/\/advel.is\/wp-content\/uploads\/2021\/06\/advel-litid.png","contentUrl":"https:\/\/advel.is\/wp-content\/uploads\/2021\/06\/advel-litid.png","width":70,"height":64,"caption":"ADVEL"},"image":{"@id":"https:\/\/advel.is\/#\/schema\/logo\/image\/"}}]}},"brizy_media":[],"_links":{"self":[{"href":"https:\/\/advel.is\/en\/wp-json\/wp\/v2\/pages\/1262","targetHints":{"allow":["GET"]}}],"collection":[{"href":"https:\/\/advel.is\/en\/wp-json\/wp\/v2\/pages"}],"about":[{"href":"https:\/\/advel.is\/en\/wp-json\/wp\/v2\/types\/page"}],"author":[{"embeddable":true,"href":"https:\/\/advel.is\/en\/wp-json\/wp\/v2\/users\/1"}],"replies":[{"embeddable":true,"href":"https:\/\/advel.is\/en\/wp-json\/wp\/v2\/comments?post=1262"}],"version-history":[{"count":61,"href":"https:\/\/advel.is\/en\/wp-json\/wp\/v2\/pages\/1262\/revisions"}],"predecessor-version":[{"id":2633,"href":"https:\/\/advel.is\/en\/wp-json\/wp\/v2\/pages\/1262\/revisions\/2633"}],"up":[{"embeddable":true,"href":"https:\/\/advel.is\/en\/wp-json\/wp\/v2\/pages\/137"}],"wp:attachment":[{"href":"https:\/\/advel.is\/en\/wp-json\/wp\/v2\/media?parent=1262"}],"curies":[{"name":"wp","href":"https:\/\/api.w.org\/{rel}","templated":true}]}}